{"id":419,"date":"2024-09-23T15:32:05","date_gmt":"2024-09-23T15:32:05","guid":{"rendered":"https:\/\/fadia.info\/?page_id=419"},"modified":"2026-03-08T23:14:21","modified_gmt":"2026-03-08T23:14:21","slug":"cofiand-2025","status":"publish","type":"page","link":"https:\/\/fadia.info\/index.php\/cofiand-2025\/","title":{"rendered":"CONGRESO FADIA26"},"content":{"rendered":"<p>[et_pb_section fb_built=\u00bb1&#8243; admin_label=\u00bbHeader\u00bb _builder_version=\u00bb4.23&#8243; _module_preset=\u00bbdefault\u00bb collapsed=\u00bbon\u00bb global_colors_info=\u00bb{}\u00bb][et_pb_row _builder_version=\u00bb4.23&#8243; _module_preset=\u00bbdefault\u00bb link_option_url=\u00bbhttps:\/\/www.congresofadia.es\/\u00bb global_colors_info=\u00bb{}\u00bb][et_pb_column type=\u00bb4_4&#8243; _builder_version=\u00bb4.19.1&#8243; _module_preset=\u00bbdefault\u00bb global_colors_info=\u00bb{}\u00bb][et_pb_image src=\u00bbhttps:\/\/fadia.info\/wp-content\/uploads\/2025\/07\/LOGO_fadia1-scaled.jpg\u00bb title_text=\u00bbLOGO_fadia1&#8243; _builder_version=\u00bb4.23&#8243; _module_preset=\u00bbdefault\u00bb custom_margin=\u00bb||-32px|||\u00bb global_colors_info=\u00bb{}\u00bb][\/et_pb_image][et_pb_image src=\u00bbhttps:\/\/fadia.info\/wp-content\/uploads\/2026\/02\/CartelFADIA26.png\u00bb title_text=\u00bbCartelFADIA26&#8243; _builder_version=\u00bb4.23&#8243; _module_preset=\u00bbdefault\u00bb global_colors_info=\u00bb{}\u00bb][\/et_pb_image][et_pb_text _builder_version=\u00bb4.23&#8243; _module_preset=\u00bbf6a1a87d-8875-4e54-87b9-688445330bb9&#8243; custom_margin=\u00bb-1px||10px||false|false\u00bb custom_padding=\u00bb||2px|||\u00bb global_colors_info=\u00bb{}\u00bb]<\/p>\n<h1 style=\"text-align: center;\"><span style=\"font-size: large;\">II Congreso y Feria de los Instaladores de Andaluc\u00eda &#8211; FADIA26<\/span><\/h1>\n<p>&nbsp;<\/p>\n<p style=\"text-align: center;\"><span style=\"color: #108728;\"><strong><span style=\"font-size: xx-large;\">\u00abRetos del instalador del futuro\u00bb<\/span><\/strong><\/span><\/p>\n<p style=\"text-align: right;\"><span style=\"font-size: x-large;\"><a href=\"https:\/\/www.congresofadia.es\/\">FADIA 2026<\/a><\/span><\/p>\n<p>[\/et_pb_text][et_pb_text _builder_version=\u00bb4.23&#8243; _module_preset=\u00bb9ae5f5e6-91b7-4014-90eb-970b7484d48d\u00bb global_colors_info=\u00bb{}\u00bb]<\/p>\n<p style=\"text-align: justify;\"><span>La <\/span><strong>Federaci\u00f3n de Asociaciones de Instaladores de Andaluc\u00eda (FADIA)<\/strong><span> tiene el honor de anunciar la celebraci\u00f3n de la segunda edici\u00f3n del <\/span><strong>Congreso y Feria de los Instaladores de Andaluc\u00eda<\/strong><span>, un evento que se ha consolidado como la referencia regional para los profesionales del sector. Esta destacada cita, que tendr\u00e1 lugar en la ciudad de <\/span><strong>Sevilla<\/strong><span> durante el <\/span><strong>primer trimestre del a\u00f1o 2026<\/strong><span>, organizada por la Federaci\u00f3n Andaluza de Instaladores <strong>(FADIA)<\/strong>, la empresa organizadora <strong>GRUPO ADRIANO<\/strong> y la Asociaci\u00f3n de Distribuidores de Material El\u00e9ctrico <strong>(ADIME)<\/strong>, cuenta con el respaldo institucional de la <\/span><strong>Junta de Andaluc\u00eda<\/strong><span>, el <\/span><strong>Instituto para la Diversificaci\u00f3n y Ahorro de la Energ\u00eda (IDAE)<\/strong><span> y el <\/span><strong>Ayuntamiento de Sevilla<\/strong><span>.<\/span><\/p>\n<p>[\/et_pb_text][et_pb_text _builder_version=\u00bb4.23&#8243; _module_preset=\u00bbf6a1a87d-8875-4e54-87b9-688445330bb9&#8243; custom_margin=\u00bb||10px||false|false\u00bb global_colors_info=\u00bb{}\u00bb]<\/p>\n<h2><span>Objetivos y Enfoque del Congreso<\/span><\/h2>\n<p>[\/et_pb_text][et_pb_text _builder_version=\u00bb4.23&#8243; _module_preset=\u00bb9ae5f5e6-91b7-4014-90eb-970b7484d48d\u00bb custom_padding=\u00bb||3px|||\u00bb global_colors_info=\u00bb{}\u00bb]<\/p>\n<p style=\"text-align: justify;\"><span>Tras el \u00e9xito obtenido en su primera edici\u00f3n, celebrada en 2021, en la que se alcanzaron cifras impresionantes de asistencia con <\/span><strong>m\u00e1s de 3,000 visitantes y 80 expositores<\/strong><span>, El Congreso y Feria de FADIA se reafirma como el espacio id\u00f3neo para la exposici\u00f3n, promoci\u00f3n y generaci\u00f3n de oportunidades en el sector de la instalaci\u00f3n. Este congreso busca no solo mantener los logros alcanzados, sino tambi\u00e9n potenciar a\u00fan m\u00e1s el crecimiento y desarrollo de la industria en Andaluc\u00eda, aline\u00e1ndose con las nuevas demandas del mercado y los retos emergentes de la <\/span><strong>transici\u00f3n energ\u00e9tica<\/strong><span> y la <\/span><strong>sostenibilidad<\/strong><span>.<\/span><\/p>\n<p style=\"text-align: justify;\"><span><\/span><\/p>\n<p style=\"text-align: justify;\"><span>El congreso est\u00e1 dirigido a profesionales de la instalaci\u00f3n el\u00e9ctrica, electr\u00f3nica, telecomunicaciones, climatizaci\u00f3n, calefacci\u00f3n, ventilaci\u00f3n, y otras \u00e1reas afines, quienes tendr\u00e1n la oportunidad de acceder a las \u00faltimas innovaciones tecnol\u00f3gicas y soluciones de vanguardia en <strong>energ\u00edas renovables, eficiencia energ\u00e9tica<\/strong>, y nuevas metodolog\u00edas de <strong>movilidad sostenible<\/strong> y <strong>almacenamiento eficiente de energ\u00eda<\/strong>.<\/span><\/p>\n<p>[\/et_pb_text][et_pb_text _builder_version=\u00bb4.23&#8243; _module_preset=\u00bbf6a1a87d-8875-4e54-87b9-688445330bb9&#8243; custom_margin=\u00bb||10px||false|false\u00bb global_colors_info=\u00bb{}\u00bb]<\/p>\n<h2><span>Innovaci\u00f3n Tecnol\u00f3gica y Sostenibilidad como Ejes Centrales<\/span><\/h2>\n<p>[\/et_pb_text][et_pb_text _builder_version=\u00bb4.23&#8243; _module_preset=\u00bb9ae5f5e6-91b7-4014-90eb-970b7484d48d\u00bb custom_padding=\u00bb0px||19px|||\u00bb global_colors_info=\u00bb{}\u00bb]<\/p>\n<p style=\"text-align: justify;\"><strong>El II Congreso y Feria de FADIA <\/strong>busca convertirse en un punto de encuentro esencial para los profesionales que desean estar a la vanguardia de las transformaciones tecnol\u00f3gicas del sector. En este sentido, el evento se enfocar\u00e1 en \u00e1reas como:<\/p>\n<ul>\n<li><strong>La Digitalizaci\u00f3n y la IA.<\/strong><\/li>\n<li><strong>Energ\u00eda Inteligente.<\/strong><\/li>\n<li><strong>Marco Normativo y Formaci\u00f3n.<\/strong><\/li>\n<li><strong>Conexi\u00f3n con la Sociedad. El instalador como enlace.<\/strong><\/li>\n<\/ul>\n<p style=\"text-align: justify;\">La edici\u00f3n de 2026 tambi\u00e9n contar\u00e1 con un c\u00f3rner tecnol\u00f3gico que mostrar\u00e1 innovaciones y nuevas herramientas desarrolladas en la industria andaluza.<\/p>\n<p>[\/et_pb_text][et_pb_text _builder_version=\u00bb4.23&#8243; _module_preset=\u00bbf6a1a87d-8875-4e54-87b9-688445330bb9&#8243; custom_margin=\u00bb||10px||false|false\u00bb custom_padding=\u00bb9px|||||\u00bb global_colors_info=\u00bb{}\u00bb]<\/p>\n<h2>Un Espacio de Oportunidades: Exposiciones, Networking y Formaci\u00f3n<\/h2>\n<p>&nbsp;<\/p>\n<p>[\/et_pb_text][et_pb_text _builder_version=\u00bb4.23&#8243; _module_preset=\u00bb9ae5f5e6-91b7-4014-90eb-970b7484d48d\u00bb custom_padding=\u00bb||0px|||\u00bb global_colors_info=\u00bb{}\u00bb]<\/p>\n<p style=\"text-align: justify;\">Uno de los pilares fundamentales del Congreso y Feria del Instalador ser\u00e1 ofrecer un espacio de intercambio y conexi\u00f3n entre los principales actores del sector. Durante los dos d\u00edas de duraci\u00f3n del congreso, los participantes podr\u00e1n asistir a un extenso programa de <strong>charlas t\u00e9cnicas<\/strong>, <strong>ponencias especializadas<\/strong> y <strong>demostraciones en vivo<\/strong>. Estas actividades, organizadas en colaboraci\u00f3n con empresas l\u00edderes, que abordar\u00e1n los temas m\u00e1s actuales y relevantes para los instaladores, con el objetivo de fortalecer sus competencias y ofrecerles nuevas herramientas para el crecimiento de sus negocios.<\/p>\n<p style=\"text-align: justify;\">Asimismo, se pondr\u00e1 un especial \u00e9nfasis en crear espacios de <strong>networking<\/strong>, donde tanto expositores como visitantes podr\u00e1n generar sinergias, establecer contactos comerciales de calidad y explorar colaboraciones en proyectos innovadores que impulsen el desarrollo del sector en Andaluc\u00eda.<\/p>\n<p>[\/et_pb_text][et_pb_text _builder_version=\u00bb4.23&#8243; _module_preset=\u00bbf6a1a87d-8875-4e54-87b9-688445330bb9&#8243; custom_margin=\u00bb||10px||false|false\u00bb custom_padding=\u00bb9px|||||\u00bb global_colors_info=\u00bb{}\u00bb]<\/p>\n<h2><span>COFIAN 2021: Un \u00c9xito que Marc\u00f3 el Camino<\/span><\/h2>\n<p>&nbsp;<\/p>\n<p>[\/et_pb_text][et_pb_text _builder_version=\u00bb4.23&#8243; _module_preset=\u00bb9ae5f5e6-91b7-4014-90eb-970b7484d48d\u00bb custom_padding=\u00bb||0px|||\u00bb global_colors_info=\u00bb{}\u00bb]<\/p>\n<p style=\"text-align: justify;\">La primera edici\u00f3n de Congreso y Feria de FADIA, celebrada en 2021 en Fibes, Sevilla, fue un rotundo \u00e9xito, superando todas las expectativas iniciales. El evento reuni\u00f3 a un gran n\u00famero de profesionales de todas las provincias de Andaluc\u00eda y se destac\u00f3 por la alta calidad de sus conferencias y la excelente acogida de las tecnolog\u00edas presentadas en los stands expositores. Los temas tratados, que incluyeron desde la <strong>fotovoltaica<\/strong> hasta la <strong>descarbonizaci\u00f3n<\/strong>, resultaron de gran inter\u00e9s para los asistentes, consolidando el evento como un punto de referencia clave para el sector.<\/p>\n<p style=\"text-align: justify;\">Este antecedente subraya la importancia del Congreso como un <strong>foro de intercambio<\/strong> y <strong>colaboraci\u00f3n empresarial<\/strong>, donde las \u00faltimas tendencias tecnol\u00f3gicas se presentan con el objetivo de impulsar la competitividad de los instaladores andaluces en un mercado cada vez m\u00e1s exigente.<\/p>\n<p>[\/et_pb_text][et_pb_video _builder_version=\u00bb4.23&#8243; _module_preset=\u00bbdefault\u00bb src__hover_enabled=\u00bboff|desktop\u00bb hover_enabled=\u00bb0&#8243; title_text=\u00bbFADIA26&#8243; src_webm=\u00bbhttps:\/\/fadia.info\/wp-content\/uploads\/2026\/03\/FADIA26.mp4&#8243; sticky_enabled=\u00bb0&#8243;][\/et_pb_video][\/et_pb_column][\/et_pb_row][et_pb_row _builder_version=\u00bb4.23&#8243; _module_preset=\u00bbdefault\u00bb background_video_mp4=\u00bbhttps:\/\/fadia.info\/wp-content\/uploads\/2026\/01\/FADIA26-Firma-2.mp4&#8243; width=\u00bb87.8%\u00bb min_height=\u00bb674px\u00bb custom_margin=\u00bb|auto|94px|auto||\u00bb global_colors_info=\u00bb{}\u00bb][et_pb_column type=\u00bb4_4&#8243; _builder_version=\u00bb4.23&#8243; _module_preset=\u00bbdefault\u00bb global_colors_info=\u00bb{}\u00bb][\/et_pb_column][\/et_pb_row][et_pb_row _builder_version=\u00bb4.23&#8243; _module_preset=\u00bbdefault\u00bb ab_subject=\u00bbon\u00bb ab_subject_id=\u00bb1&#8243; ab_goal=\u00bbon\u00bb global_colors_info=\u00bb{}\u00bb][et_pb_column type=\u00bb4_4&#8243; _builder_version=\u00bb4.23&#8243; _module_preset=\u00bbdefault\u00bb global_colors_info=\u00bb{}\u00bb][et_pb_text _builder_version=\u00bb4.23&#8243; _module_preset=\u00bbdefault\u00bb hover_enabled=\u00bb0&#8243; sticky_enabled=\u00bb0&#8243; custom_padding=\u00bb||0px|||\u00bb]<\/p>\n<p>Your content goes here. Edit or remove this text inline or in the module Content settings. You can also style every aspect of this content in the module Design settings and even apply custom CSS to this text in the module Advanced settings.<\/p>\n<p>[\/et_pb_text][\/et_pb_column][\/et_pb_row][et_pb_row _builder_version=\u00bb4.23&#8243; _module_preset=\u00bbdefault\u00bb ab_subject=\u00bbon\u00bb ab_subject_id=\u00bb2&#8243; ab_goal=\u00bbon\u00bb global_colors_info=\u00bb{}\u00bb][et_pb_column type=\u00bb4_4&#8243; _builder_version=\u00bb4.23&#8243; _module_preset=\u00bbdefault\u00bb global_colors_info=\u00bb{}\u00bb][et_pb_image src=\u00bbdata:image\/svg+xml;base64,PHN2ZyB3aWR0aD0iMTA4MCIgaGVpZ2h0PSI1NDAiIHZpZXdCb3g9IjAgMCAxMDgwIDU0MCIgeG1sbnM9Imh0dHA6Ly93d3cudzMub3JnLzIwMDAvc3ZnIj4KICAgIDxnIGZpbGw9Im5vbmUiIGZpbGwtcnVsZT0iZXZlbm9kZCI+CiAgICAgICAgPHBhdGggZmlsbD0iI0VCRUJFQiIgZD0iTTAgMGgxMDgwdjU0MEgweiIvPgogICAgICAgIDxwYXRoIGQ9Ik00NDUuNjQ5IDU0MGgtOTguOTk1TDE0NC42NDkgMzM3Ljk5NSAwIDQ4Mi42NDR2LTk4Ljk5NWwxMTYuMzY1LTExNi4zNjVjMTUuNjItMTUuNjIgNDAuOTQ3LTE1LjYyIDU2LjU2OCAwTDQ0NS42NSA1NDB6IiBmaWxsLW9wYWNpdHk9Ii4xIiBmaWxsPSIjMDAwIiBmaWxsLXJ1bGU9Im5vbnplcm8iLz4KICAgICAgICA8Y2lyY2xlIGZpbGwtb3BhY2l0eT0iLjA1IiBmaWxsPSIjMDAwIiBjeD0iMzMxIiBjeT0iMTQ4IiByPSI3MCIvPgogICAgICAgIDxwYXRoIGQ9Ik0xMDgwIDM3OXYxMTMuMTM3TDcyOC4xNjIgMTQwLjMgMzI4LjQ2MiA1NDBIMjE1LjMyNEw2OTkuODc4IDU1LjQ0NmMxNS42Mi0xNS42MiA0MC45NDgtMTUuNjIgNTYuNTY4IDBMMTA4MCAzNzl6IiBmaWxsLW9wYWNpdHk9Ii4yIiBmaWxsPSIjMDAwIiBmaWxsLXJ1bGU9Im5vbnplcm8iLz4KICAgIDwvZz4KPC9zdmc+Cg==\u00bb title_text=\u00bbFADIA26&#8243; _builder_version=\u00bb4.23&#8243; _module_preset=\u00bbdefault\u00bb background_video_mp4=\u00bbhttps:\/\/fadia.info\/wp-content\/uploads\/2026\/03\/FADIA26.mp4&#8243; global_colors_info=\u00bb{}\u00bb][\/et_pb_image][\/et_pb_column][\/et_pb_row][et_pb_row column_structure=\u00bb1_2,1_2&#8243; _builder_version=\u00bb4.19.2&#8243; _module_preset=\u00bbdefault\u00bb custom_padding=\u00bb||60px||false|false\u00bb global_colors_info=\u00bb{}\u00bb][et_pb_column type=\u00bb1_2&#8243; _builder_version=\u00bb4.19.2&#8243; _module_preset=\u00bbdefault\u00bb custom_padding_tablet=\u00bb||30px||false|false\u00bb custom_padding_phone=\u00bb\u00bb custom_padding_last_edited=\u00bbon|tablet\u00bb global_colors_info=\u00bb{}\u00bb][et_pb_text _builder_version=\u00bb4.23&#8243; _module_preset=\u00bb15a49c30-8d71-4a0a-b911-b1316adb1670&#8243; text_text_color=\u00bb#FFFFFF\u00bb header_text_color=\u00bb#FFFFFF\u00bb header_font_size=\u00bb49px\u00bb header_3_text_color=\u00bb#FFFFFF\u00bb width=\u00bb100%\u00bb custom_padding=\u00bb|0px||||\u00bb header_font_size_tablet=\u00bb49px\u00bb header_font_size_phone=\u00bb22px\u00bb header_font_size_last_edited=\u00bbon|phone\u00bb global_colors_info=\u00bb{}\u00bb]<\/p>\n<h1><span style=\"font-size: xx-large;\"><strong>C<\/strong><strong>ONGRESO FADIA26<\/strong><\/span><\/h1>\n<p>[\/et_pb_text][et_pb_social_media_follow _builder_version=\u00bb4.19.2&#8243; _module_preset=\u00bbdefault\u00bb text_orientation=\u00bbleft\u00bb border_radii=\u00bbon|43px|43px|43px|43px\u00bb locked=\u00bboff\u00bb global_colors_info=\u00bb{}\u00bb][et_pb_social_media_follow_network social_network=\u00bbfacebook\u00bb _builder_version=\u00bb4.19.2&#8243; _module_preset=\u00bbdefault\u00bb background_color=\u00bb#000000&#8243; background_enable_color=\u00bbon\u00bb global_colors_info=\u00bb{}\u00bb follow_button=\u00bboff\u00bb url_new_window=\u00bbon\u00bb]facebook[\/et_pb_social_media_follow_network][et_pb_social_media_follow_network social_network=\u00bbtwitter\u00bb _builder_version=\u00bb4.19.2&#8243; _module_preset=\u00bbdefault\u00bb background_color=\u00bb#000000&#8243; background_enable_color=\u00bbon\u00bb global_colors_info=\u00bb{}\u00bb follow_button=\u00bboff\u00bb url_new_window=\u00bbon\u00bb]twitter[\/et_pb_social_media_follow_network][et_pb_social_media_follow_network social_network=\u00bbinstagram\u00bb _builder_version=\u00bb4.19.2&#8243; _module_preset=\u00bbdefault\u00bb background_color=\u00bb#000000&#8243; background_enable_color=\u00bbon\u00bb global_colors_info=\u00bb{}\u00bb follow_button=\u00bboff\u00bb url_new_window=\u00bbon\u00bb]instagram[\/et_pb_social_media_follow_network][et_pb_social_media_follow_network social_network=\u00bbyoutube\u00bb _builder_version=\u00bb4.19.2&#8243; _module_preset=\u00bbdefault\u00bb background_color=\u00bb#000000&#8243; background_enable_color=\u00bbon\u00bb global_colors_info=\u00bb{}\u00bb follow_button=\u00bboff\u00bb url_new_window=\u00bbon\u00bb]youtube[\/et_pb_social_media_follow_network][\/et_pb_social_media_follow][\/et_pb_column][et_pb_column type=\u00bb1_2&#8243; _builder_version=\u00bb4.19.1&#8243; _module_preset=\u00bbdefault\u00bb global_colors_info=\u00bb{}\u00bb][et_pb_button button_url=\u00bbhttps:\/\/www.congresofadia.es\/\u00bb button_text=\u00bbPAGINA  OFICIAL CONGRESOFADIA26&#8243; admin_label=\u00bbPAGINA DEL CONGRESO\u00bb _builder_version=\u00bb4.23&#8243; _module_preset=\u00bbdefault\u00bb global_colors_info=\u00bb{}\u00bb][\/et_pb_button][\/et_pb_column][\/et_pb_row][\/et_pb_section][et_pb_section fb_built=\u00bb1&#8243; admin_label=\u00bbFooter\u00bb _builder_version=\u00bb4.19.2&#8243; _module_preset=\u00bbdefault\u00bb background_color=\u00bb#0F0F0F\u00bb custom_margin=\u00bb-291px|||||\u00bb custom_padding=\u00bb16vw||16vw||true|false\u00bb saved_tabs=\u00bball\u00bb collapsed=\u00bbon\u00bb global_colors_info=\u00bb{}\u00bb][\/et_pb_section]<\/p>\n","protected":false},"excerpt":{"rendered":"<p>II Congreso y Feria de los Instaladores de Andaluc\u00eda &#8211; FADIA26 &nbsp; \u00abRetos del instalador del futuro\u00bb FADIA 2026La Federaci\u00f3n de Asociaciones de Instaladores de Andaluc\u00eda (FADIA) tiene el honor [&hellip;]<\/p>\n","protected":false},"author":1,"featured_media":0,"parent":0,"menu_order":0,"comment_status":"closed","ping_status":"closed","template":"","meta":{"_et_pb_use_builder":"on","_et_pb_old_content":"","_et_gb_content_width":"","_monsterinsights_skip_tracking":false,"_monsterinsights_sitenote_active":false,"_monsterinsights_sitenote_note":"","_monsterinsights_sitenote_category":0,"footnotes":""},"class_list":["post-419","page","type-page","status-publish","hentry"],"yoast_head":"<!-- This site is optimized with the Yoast SEO plugin v24.2 - https:\/\/yoast.com\/wordpress\/plugins\/seo\/ -->\n<title>CONGRESO FADIA26 - Fadia<\/title>\n<meta name=\"robots\" content=\"index, follow, max-snippet:-1, max-image-preview:large, max-video-preview:-1\" \/>\n<link rel=\"canonical\" href=\"https:\/\/fadia.info\/index.php\/cofiand-2025\/\" \/>\n<meta property=\"og:locale\" content=\"es_ES\" \/>\n<meta property=\"og:type\" content=\"article\" \/>\n<meta property=\"og:title\" content=\"CONGRESO FADIA26 - Fadia\" \/>\n<meta property=\"og:description\" content=\"II Congreso y Feria de los Instaladores de Andaluc\u00eda - FADIA26 &nbsp; &quot;Retos del instalador del futuro&quot; FADIA 2026La Federaci\u00f3n de Asociaciones de Instaladores de Andaluc\u00eda (FADIA) tiene el honor [&hellip;]\" \/>\n<meta property=\"og:url\" content=\"https:\/\/fadia.info\/index.php\/cofiand-2025\/\" \/>\n<meta property=\"og:site_name\" content=\"Fadia\" \/>\n<meta property=\"article:modified_time\" content=\"2026-03-08T23:14:21+00:00\" \/>\n<meta name=\"twitter:card\" content=\"summary_large_image\" \/>\n<meta name=\"twitter:label1\" content=\"Tiempo de lectura\" \/>\n\t<meta name=\"twitter:data1\" content=\"4 minutos\" \/>\n<script type=\"application\/ld+json\" class=\"yoast-schema-graph\">{\"@context\":\"https:\/\/schema.org\",\"@graph\":[{\"@type\":\"WebPage\",\"@id\":\"https:\/\/fadia.info\/index.php\/cofiand-2025\/\",\"url\":\"https:\/\/fadia.info\/index.php\/cofiand-2025\/\",\"name\":\"CONGRESO FADIA26 - Fadia\",\"isPartOf\":{\"@id\":\"https:\/\/fadia.info\/#website\"},\"datePublished\":\"2024-09-23T15:32:05+00:00\",\"dateModified\":\"2026-03-08T23:14:21+00:00\",\"breadcrumb\":{\"@id\":\"https:\/\/fadia.info\/index.php\/cofiand-2025\/#breadcrumb\"},\"inLanguage\":\"es\",\"potentialAction\":[{\"@type\":\"ReadAction\",\"target\":[\"https:\/\/fadia.info\/index.php\/cofiand-2025\/\"]}]},{\"@type\":\"BreadcrumbList\",\"@id\":\"https:\/\/fadia.info\/index.php\/cofiand-2025\/#breadcrumb\",\"itemListElement\":[{\"@type\":\"ListItem\",\"position\":1,\"name\":\"Portada\",\"item\":\"https:\/\/fadia.info\/\"},{\"@type\":\"ListItem\",\"position\":2,\"name\":\"CONGRESO FADIA26\"}]},{\"@type\":\"WebSite\",\"@id\":\"https:\/\/fadia.info\/#website\",\"url\":\"https:\/\/fadia.info\/\",\"name\":\"Fadia\",\"description\":\"\",\"publisher\":{\"@id\":\"https:\/\/fadia.info\/#organization\"},\"alternateName\":\"Federaci\u00f3n de Asociaciones de Instaladores de Andaluc\u00eda\",\"potentialAction\":[{\"@type\":\"SearchAction\",\"target\":{\"@type\":\"EntryPoint\",\"urlTemplate\":\"https:\/\/fadia.info\/?s={search_term_string}\"},\"query-input\":{\"@type\":\"PropertyValueSpecification\",\"valueRequired\":true,\"valueName\":\"search_term_string\"}}],\"inLanguage\":\"es\"},{\"@type\":\"Organization\",\"@id\":\"https:\/\/fadia.info\/#organization\",\"name\":\"Federaci\u00f3n de Asociaciones de Instaladores de Andaluc\u00eda\",\"alternateName\":\"FADIA\",\"url\":\"https:\/\/fadia.info\/\",\"logo\":{\"@type\":\"ImageObject\",\"inLanguage\":\"es\",\"@id\":\"https:\/\/fadia.info\/#\/schema\/logo\/image\/\",\"url\":\"https:\/\/fadia.info\/wp-content\/uploads\/2023\/11\/logo_fadia.png\",\"contentUrl\":\"https:\/\/fadia.info\/wp-content\/uploads\/2023\/11\/logo_fadia.png\",\"width\":619,\"height\":265,\"caption\":\"Federaci\u00f3n de Asociaciones de Instaladores de Andaluc\u00eda\"},\"image\":{\"@id\":\"https:\/\/fadia.info\/#\/schema\/logo\/image\/\"}}]}<\/script>\n<!-- \/ Yoast SEO plugin. -->","yoast_head_json":{"title":"CONGRESO FADIA26 - Fadia","robots":{"index":"index","follow":"follow","max-snippet":"max-snippet:-1","max-image-preview":"max-image-preview:large","max-video-preview":"max-video-preview:-1"},"canonical":"https:\/\/fadia.info\/index.php\/cofiand-2025\/","og_locale":"es_ES","og_type":"article","og_title":"CONGRESO FADIA26 - Fadia","og_description":"II Congreso y Feria de los Instaladores de Andaluc\u00eda - FADIA26 &nbsp; \"Retos del instalador del futuro\" FADIA 2026La Federaci\u00f3n de Asociaciones de Instaladores de Andaluc\u00eda (FADIA) tiene el honor [&hellip;]","og_url":"https:\/\/fadia.info\/index.php\/cofiand-2025\/","og_site_name":"Fadia","article_modified_time":"2026-03-08T23:14:21+00:00","twitter_card":"summary_large_image","twitter_misc":{"Tiempo de lectura":"4 minutos"},"schema":{"@context":"https:\/\/schema.org","@graph":[{"@type":"WebPage","@id":"https:\/\/fadia.info\/index.php\/cofiand-2025\/","url":"https:\/\/fadia.info\/index.php\/cofiand-2025\/","name":"CONGRESO FADIA26 - Fadia","isPartOf":{"@id":"https:\/\/fadia.info\/#website"},"datePublished":"2024-09-23T15:32:05+00:00","dateModified":"2026-03-08T23:14:21+00:00","breadcrumb":{"@id":"https:\/\/fadia.info\/index.php\/cofiand-2025\/#breadcrumb"},"inLanguage":"es","potentialAction":[{"@type":"ReadAction","target":["https:\/\/fadia.info\/index.php\/cofiand-2025\/"]}]},{"@type":"BreadcrumbList","@id":"https:\/\/fadia.info\/index.php\/cofiand-2025\/#breadcrumb","itemListElement":[{"@type":"ListItem","position":1,"name":"Portada","item":"https:\/\/fadia.info\/"},{"@type":"ListItem","position":2,"name":"CONGRESO FADIA26"}]},{"@type":"WebSite","@id":"https:\/\/fadia.info\/#website","url":"https:\/\/fadia.info\/","name":"Fadia","description":"","publisher":{"@id":"https:\/\/fadia.info\/#organization"},"alternateName":"Federaci\u00f3n de Asociaciones de Instaladores de Andaluc\u00eda","potentialAction":[{"@type":"SearchAction","target":{"@type":"EntryPoint","urlTemplate":"https:\/\/fadia.info\/?s={search_term_string}"},"query-input":{"@type":"PropertyValueSpecification","valueRequired":true,"valueName":"search_term_string"}}],"inLanguage":"es"},{"@type":"Organization","@id":"https:\/\/fadia.info\/#organization","name":"Federaci\u00f3n de Asociaciones de Instaladores de Andaluc\u00eda","alternateName":"FADIA","url":"https:\/\/fadia.info\/","logo":{"@type":"ImageObject","inLanguage":"es","@id":"https:\/\/fadia.info\/#\/schema\/logo\/image\/","url":"https:\/\/fadia.info\/wp-content\/uploads\/2023\/11\/logo_fadia.png","contentUrl":"https:\/\/fadia.info\/wp-content\/uploads\/2023\/11\/logo_fadia.png","width":619,"height":265,"caption":"Federaci\u00f3n de Asociaciones de Instaladores de Andaluc\u00eda"},"image":{"@id":"https:\/\/fadia.info\/#\/schema\/logo\/image\/"}}]}},"_links":{"self":[{"href":"https:\/\/fadia.info\/index.php\/wp-json\/wp\/v2\/pages\/419","targetHints":{"allow":["GET"]}}],"collection":[{"href":"https:\/\/fadia.info\/index.php\/wp-json\/wp\/v2\/pages"}],"about":[{"href":"https:\/\/fadia.info\/index.php\/wp-json\/wp\/v2\/types\/page"}],"author":[{"embeddable":true,"href":"https:\/\/fadia.info\/index.php\/wp-json\/wp\/v2\/users\/1"}],"replies":[{"embeddable":true,"href":"https:\/\/fadia.info\/index.php\/wp-json\/wp\/v2\/comments?post=419"}],"version-history":[{"count":19,"href":"https:\/\/fadia.info\/index.php\/wp-json\/wp\/v2\/pages\/419\/revisions"}],"predecessor-version":[{"id":6877,"href":"https:\/\/fadia.info\/index.php\/wp-json\/wp\/v2\/pages\/419\/revisions\/6877"}],"wp:attachment":[{"href":"https:\/\/fadia.info\/index.php\/wp-json\/wp\/v2\/media?parent=419"}],"curies":[{"name":"wp","href":"https:\/\/api.w.org\/{rel}","templated":true}]}}